{"id":5543,"date":"2022-07-16T04:09:24","date_gmt":"2022-07-16T02:09:24","guid":{"rendered":"https:\/\/jarchaespanol.es\/inicio\/"},"modified":"2025-07-11T12:10:40","modified_gmt":"2025-07-11T10:10:40","slug":"inicio","status":"publish","type":"page","link":"https:\/\/jarchaespanol.com\/fr\/","title":{"rendered":"Inicio"},"content":{"rendered":"<p>[vc_row full_width=\u00a0\u00bbstretch_row\u00a0\u00bb u_row_style=\u00a0\u00bb0&Prime; u_row_paralax=\u00a0\u00bb0&Prime; u_row_scheme=\u00a0\u00bb0&Prime; css=\u00a0\u00bb.vc_custom_1689236971182{padding-top: 35px !important;padding-right: 15px !important;padding-bottom: 15px !important;padding-left: 15px !important;background-color: #ffffff !important;background-position: center !important;background-repeat: no-repeat !important;background-size: cover !important;}\u00a0\u00bb el_class=\u00a0\u00bbbanner-portada\u00a0\u00bb][vc_column css=\u00a0\u00bb.vc_custom_1689237226280{border-bottom-width: 0px !important;padding-top: 0px !important;background: #ffffff url(https:\/\/jarchaespanol.com\/wp-content\/uploads\/2023\/07\/banner-inmersion-idioma-espanol.jpg?id=9317) !important;background-position: center !important;background-repeat: no-repeat !important;background-size: cover !important;border-radius: 15px !important;}\u00a0\u00bb el_class=\u00a0\u00bbcolumna-banner\u00a0\u00bb][vc_custom_heading text=\u00a0\u00bbInscriptions ouvertes pour le cours 2025-2026&Prime; font_container=\u00a0\u00bbtag:h2|font_size:30|text_align:center\u00a0\u00bb google_fonts=\u00a0\u00bbfont_family:Source%20Sans%20Pro%3A200%2C200italic%2C300%2C300italic%2Cregular%2Citalic%2C600%2C600italic%2C700%2C700italic%2C900%2C900italic|font_style:600%20bold%20regular%3A600%3Anormal\u00a0\u00bb el_class=\u00a0\u00bbbanner-portada-texto\u00a0\u00bb css=\u00a0\u00bb.vc_custom_1752228636493{padding-bottom: 0px !important;}\u00a0\u00bb][vc_custom_heading text=\u00a0\u00bb\u27a1\ufe0f Cours de langue et culture espagnoles pour groupes\u00a0\u00bb font_container=\u00a0\u00bbtag:h2|font_size:30|text_align:center\u00a0\u00bb google_fonts=\u00a0\u00bbfont_family:Source%20Sans%20Pro%3A200%2C200italic%2C300%2C300italic%2Cregular%2Citalic%2C600%2C600italic%2C700%2C700italic%2C900%2C900italic|font_style:600%20bold%20regular%3A600%3Anormal\u00a0\u00bb link=\u00a0\u00bburl:https%3A%2F%2Fjarchaespanol.com%2Ffr%2Fespanol-presencial-para-grupos%2F|title:Espa%C3%B1ol%20presencial%20para%20grupos\u00a0\u00bb el_class=\u00a0\u00bbbanner-portada-texto\u00a0\u00bb css=\u00a0\u00bb.vc_custom_1735583940561{padding-top: 0px !important;padding-bottom: 0px !important;}\u00a0\u00bb][vc_custom_heading text=\u00a0\u00bb\u27a1\ufe0f Espagnol en immersion linguistique: VigoLingua\u00a0\u00bb font_container=\u00a0\u00bbtag:h2|font_size:30|text_align:center\u00a0\u00bb google_fonts=\u00a0\u00bbfont_family:Source%20Sans%20Pro%3A200%2C200italic%2C300%2C300italic%2Cregular%2Citalic%2C600%2C600italic%2C700%2C700italic%2C900%2C900italic|font_style:600%20bold%20regular%3A600%3Anormal\u00a0\u00bb link=\u00a0\u00bburl:https%3A%2F%2Fjarchaespanol.com%2Ffr%2Fcursos-de-inmersion-linguistica%2F|title:Espa%C3%B1ol%20en%20inmersi%C3%B3n%20ling%C3%BC%C3%ADstica\u00a0\u00bb el_class=\u00a0\u00bbbanner-portada-texto\u00a0\u00bb css=\u00a0\u00bb.vc_custom_1735583905452{padding-top: 0px !important;}\u00a0\u00bb][\/vc_column][\/vc_row][vc_row u_row_style=\u00a0\u00bb0&Prime; u_row_paralax=\u00a0\u00bb0&Prime; u_row_scheme=\u00a0\u00bb0&Prime; css=\u00a0\u00bb.vc_custom_1647944612710{margin-bottom: 0px !important;padding-top: 60px !important;padding-bottom: 80px !important;background-color: #ffffff !important;}\u00a0\u00bb][vc_column width=\u00a0\u00bb1\/2&Prime;]    \t<div id=\"un-icon-box-1\" class=\"media un-icon-box light wpb_left-to-right wpb_animate_when_almost_visible\" data-delay=0.25>\r\n            <div class=\"pull-left\">\r\n            \t                <div class=\"un-icon\">\r\n                \t<i class=\"fa fa-graduation-cap\"><\/i>\r\n                <\/div>\r\n                            <\/div>\r\n            <div class=\"media-body \">\r\n                <h4 class=\"media-heading\"><a href=\"\/fr\/espanol-online\" >Espagnol en ligne<\/a><\/h4><p>Enseignement de l\u2019espagnol en ligne pour tous les niveaux. Espagnol pour les particuliers et les entreprises. Cours d\u2019espagnol individuels ou en groupe. Enseignement de l\u2019espagnol adapt\u00e9 aux objectifs de chaque \u00e9l\u00e8ve.<\/p>            <\/div>\r\n        <\/div>\r\n\t\t\t<style scoped=\"scoped\">\r\n        #un-icon-box-1 .un-icon{ background: #8d2237}#un-icon-box-1 .un-icon:hover{ background: #222222}#un-icon-box-1 .media-heading{ color: #222222}#un-icon-box-1 .media-body p{ color: #444444}        <\/style>\r\n    [vc_empty_space height=\u00a0\u00bb15px\u00a0\u00bb][\/vc_column][vc_column width=\u00a0\u00bb1\/2&Prime;]    \t<div id=\"un-icon-box-2\" class=\"media un-icon-box light wpb_left-to-right wpb_animate_when_almost_visible\" data-delay=0.25>\r\n            <div class=\"pull-left\">\r\n            \t                <div class=\"un-icon\">\r\n                \t<i class=\"fa fa-graduation-cap\"><\/i>\r\n                <\/div>\r\n                            <\/div>\r\n            <div class=\"media-body \">\r\n                <h4 class=\"media-heading\"><a href=\"\/fr\/espanol-presencial\" >Espagnol en pr\u00e9sentiel<\/a><\/h4><p>Enseignement pr\u00e9sentiel d&rsquo;espagnol \u00e0 Vigo (Galice). Cours et programmes individuels ainsi que pour des groupes. Cours d&rsquo;espagnol en pr\u00e9sentiel pour tous les niveaux avec des activit\u00e9s extrascolaires compl\u00e9mentaires.<\/p>            <\/div>\r\n        <\/div>\r\n\t\t\t<style scoped=\"scoped\">\r\n        #un-icon-box-2 .un-icon{ background: #8d2237}#un-icon-box-2 .un-icon:hover{ background: #222222}#un-icon-box-2 .media-heading{ color: #222222}#un-icon-box-2 .media-body p{ color: #444444}        <\/style>\r\n    [vc_empty_space height=\u00a0\u00bb15px\u00a0\u00bb][\/vc_column][\/vc_row][vc_row u_row_style=\u00a0\u00bb0&Prime; u_row_paralax=\u00a0\u00bb1&Prime; u_row_scheme=\u00a0\u00bb1&Prime; css=\u00a0\u00bb.vc_custom_1648291026517{padding-top: 100px !important;padding-bottom: 100px !important;background-image: url(https:\/\/jarchaespanol.com\/wp-content\/uploads\/2022\/03\/section-background.jpeg?id=3492) !important;background-position: center !important;background-repeat: no-repeat !important;background-size: cover !important;}\u00a0\u00bb][vc_column][vc_column_text css_animation=\u00a0\u00bbbottom-to-top\u00a0\u00bb]<\/p>\n<h1 style=\"text-align: center;\">La meilleure fa\u00e7on d&rsquo;apprendre l&rsquo;espagnol!<\/h1>\n<p style=\"text-align: center;\"><strong>Apprenez ou perfectionnez votre espagnol quel que soit votre niveau actuel<\/strong><\/p>\n<p>&nbsp;<\/p>\n<p style=\"text-align: center;\">    \t<a class=\"btn button-button_84 btn-default btn-lg \" href=\"\/fr\/espanol-online\" data-delay=0 >\r\n        ESPAGNOL EN LIGNE&nbsp;&nbsp;<i class=\"fa fa-angle-right\"><\/i>        <\/a>\r\n        <\/p>\n<p>[\/vc_column_text][\/vc_column][\/vc_row][vc_row u_row_style=\u00a0\u00bb0&Prime; u_row_paralax=\u00a0\u00bb0&Prime; u_row_scheme=\u00a0\u00bb0&Prime; css=\u00a0\u00bb.vc_custom_1648036266847{margin-bottom: 0px !important;background-color: #eaeaea !important;}\u00a0\u00bb][vc_column]\t\t<section class=\"testimonials testimonials-6469 wpb_bottom-to-top wpb_animate_when_almost_visible\" data-delay=0>\r\n        \t<div class=\"section-inner\">\r\n                <div class=\"testimonial-carousel owl-carousel is-carousel single-carousel\" data-autoplay=5000 >\r\n                    \t\t<div class=\"carousel-item testimonial-item-8305\">\r\n            <div class=\"testimonial-item text-center\">\r\n                <p class=\"minion\">Jeg l\u00e6rer spansk, s\u00e5 jeg bedre kan integrere mig kulturelt<br \/>\n\u00ab\u00a0Estoy aprendiendo espa\u00f1ol para integrarme mejor culturalmente\u00a0\u00bb<\/p>\r\n                <div class=\"media professor\">\r\n                \t                    <div class=\"pull-left\">\r\n                    \t                        <img loading=\"lazy\" decoding=\"async\" src=\"https:\/\/jarchaespanol.com\/wp-content\/uploads\/2022\/03\/thore-150x150.png\" width=\"50\" height=\"50\" alt=\"Thore\">\r\n                    <\/div>\r\n                                        <div class=\"media-body\">\r\n                        <h6 class=\"media-heading main-color-2\">Thore<\/h6>\r\n                        <span>ALUMNO<\/span>\r\n                    <\/div>\r\n                <\/div>\r\n            <\/div>\r\n        <\/div><!--\/carousel-item-->\r\n\t\t\t<div class=\"carousel-item testimonial-item-2122\">\r\n            <div class=\"testimonial-item text-center\">\r\n                <p class=\"minion\">Spanisch eifach vo dehei<br \/>\n\u00ab\u00a0Aprende espa\u00f1ol tranquilamente desde tu casa\u00a0\u00bb<\/p>\r\n                <div class=\"media professor\">\r\n                \t                    <div class=\"pull-left\">\r\n                    \t                        <img loading=\"lazy\" decoding=\"async\" src=\"https:\/\/jarchaespanol.com\/wp-content\/uploads\/2022\/03\/michael-1-150x150.jpeg\" width=\"50\" height=\"50\" alt=\"Michael\">\r\n                    <\/div>\r\n                                        <div class=\"media-body\">\r\n                        <h6 class=\"media-heading main-color-2\">Michael<\/h6>\r\n                        <span>ALUMNO<\/span>\r\n                    <\/div>\r\n                <\/div>\r\n            <\/div>\r\n        <\/div><!--\/carousel-item-->\r\n\t\t\t<div class=\"carousel-item testimonial-item-3195\">\r\n            <div class=\"testimonial-item text-center\">\r\n                <p class=\"minion\">\u05d0\u05e0\u05d2\u05dc\u05d9\u05ea: \u05d4\u05d0\u05ea\u05d2\u05e8, \u05d4\u05d7\u05d5\u05d5\u05d9\u05d4 \u05d5\u05d4\u05d4\u05e0\u05d0\u05d4 \u05de\u05d4\u05d4\u05e6\u05dc\u05d7\u05d4!<br \/>\n\u00ab\u00a0\u00a1El desaf\u00edo, la experiencia y el disfrute del \u00e9xito!\u00a0\u00bb<\/p>\r\n                <div class=\"media professor\">\r\n                \t                    <div class=\"pull-left\">\r\n                    \t                        <img loading=\"lazy\" decoding=\"async\" src=\"https:\/\/jarchaespanol.com\/wp-content\/uploads\/2022\/03\/liel-150x150.png\" width=\"50\" height=\"50\" alt=\"Liel\">\r\n                    <\/div>\r\n                                        <div class=\"media-body\">\r\n                        <h6 class=\"media-heading main-color-2\">Liel<\/h6>\r\n                        <span>ALUMNO<\/span>\r\n                    <\/div>\r\n                <\/div>\r\n            <\/div>\r\n        <\/div><!--\/carousel-item-->\r\n\t\t\t<div class=\"carousel-item testimonial-item-6204\">\r\n            <div class=\"testimonial-item text-center\">\r\n                <p class=\"minion\">Apprendre la conjugaison en ligne c\u2019est plus facile que j\u2019 imaginais!<br \/>\n\u00ab\u00a0\u00a1Aprender la conjugaci\u00f3n online es m\u00e1s f\u00e1cil de lo que imaginaba!\u00a0\u00bb<\/p>\r\n                <div class=\"media professor\">\r\n                \t                    <div class=\"pull-left\">\r\n                    \t                        <img loading=\"lazy\" decoding=\"async\" src=\"https:\/\/jarchaespanol.com\/wp-content\/uploads\/2022\/04\/francoise-perfil-150x150.jpeg\" width=\"50\" height=\"50\" alt=\"Fran\u00e7oise\">\r\n                    <\/div>\r\n                                        <div class=\"media-body\">\r\n                        <h6 class=\"media-heading main-color-2\">Fran\u00e7oise<\/h6>\r\n                        <span>ALUMNA<\/span>\r\n                    <\/div>\r\n                <\/div>\r\n            <\/div>\r\n        <\/div><!--\/carousel-item-->\r\n\t\t\t<div class=\"carousel-item testimonial-item-2602\">\r\n            <div class=\"testimonial-item text-center\">\r\n                <p class=\"minion\">Jestem bardzo zaj\u0119ty ale zawsze znajduj\u0119 czas na lekcje hiszpa\u0144skiego on- line, na kt\u00f3re czekam z niecierpliwo\u015bci\u0105.<br \/>\n\u00ab\u00a0Aunque estoy muy ocupado, siempre encuentro tiempo para las clases online de lengua espa\u00f1ola\u00a0\u00bb<\/p>\r\n                <div class=\"media professor\">\r\n                \t                    <div class=\"pull-left\">\r\n                    \t                        <img loading=\"lazy\" decoding=\"async\" src=\"https:\/\/jarchaespanol.com\/wp-content\/uploads\/2022\/03\/andrzej-150x150.png\" width=\"50\" height=\"50\" alt=\"Andrzej\">\r\n                    <\/div>\r\n                                        <div class=\"media-body\">\r\n                        <h6 class=\"media-heading main-color-2\">Andrzej<\/h6>\r\n                        <span>ALUMNO<\/span>\r\n                    <\/div>\r\n                <\/div>\r\n            <\/div>\r\n        <\/div><!--\/carousel-item-->\r\n\t\t\t<div class=\"carousel-item testimonial-item-8006\">\r\n            <div class=\"testimonial-item text-center\">\r\n                <p class=\"minion\">With the right tools and the perfect professor, learning Spanish has never been easier!<br \/>\n\u00ab\u00a0Con las herramientas adecuadas y el profesor perfecto, \u00a1aprender espa\u00f1ol nunca ha sido tan f\u00e1cil!\u00a0\u00bb<\/p>\r\n                <div class=\"media professor\">\r\n                \t                    <div class=\"pull-left\">\r\n                    \t                        <img loading=\"lazy\" decoding=\"async\" src=\"https:\/\/jarchaespanol.com\/wp-content\/uploads\/2022\/03\/stephen-150x150.png\" width=\"50\" height=\"50\" alt=\"Stephen\">\r\n                    <\/div>\r\n                                        <div class=\"media-body\">\r\n                        <h6 class=\"media-heading main-color-2\">Stephen<\/h6>\r\n                        <span>ALUMNO<\/span>\r\n                    <\/div>\r\n                <\/div>\r\n            <\/div>\r\n        <\/div><!--\/carousel-item-->\r\n\t\t\t<div class=\"carousel-item testimonial-item-4501\">\r\n            <div class=\"testimonial-item text-center\">\r\n                <p class=\"minion\">Spanyol tanfolyam interneten Ann\u00e1val \u00c9rdekes t\u00e9m\u00e1k, egy nagyon dinamikus, t\u00fcrelmes tan\u00e1rral!<br \/>\n\u00ab\u00a0Curso de espa\u00f1ol en Internet con Ana. \u00a1Temas muy interesantes con una profesora muy din\u00e1mica y paciente!\u00a0\u00bb<\/p>\r\n                <div class=\"media professor\">\r\n                \t                    <div class=\"pull-left\">\r\n                    \t                        <img loading=\"lazy\" decoding=\"async\" src=\"https:\/\/jarchaespanol.com\/wp-content\/uploads\/2022\/03\/alexandra-150x150.png\" width=\"50\" height=\"50\" alt=\"Alexandra\">\r\n                    <\/div>\r\n                                        <div class=\"media-body\">\r\n                        <h6 class=\"media-heading main-color-2\">Alexandra<\/h6>\r\n                        <span>ALUMNA<\/span>\r\n                    <\/div>\r\n                <\/div>\r\n            <\/div>\r\n        <\/div><!--\/carousel-item-->\r\n\t                <\/div>\r\n            <\/div>\r\n        <\/section><!--\/testimonial-->\r\n\t[vc_column_text css_animation=\u00a0\u00bbbottom-to-top\u00a0\u00bb]<\/p>\n<p style=\"text-align: center;\">    \t<a class=\"btn button-button_84 btn-default btn-lg \" href=\"\/fr\/nuestros-alumnos-ele\" data-delay=0 >\r\n        \u00c9L\u00c8VES D\u2019ESPAGNOL<br \/>\nLANGUE \u00c9TRANG\u00c8RE&nbsp;&nbsp;<i class=\"fa fa-angle-right\"><\/i>        <\/a>\r\n        [\/vc_column_text][\/vc_column][\/vc_row][vc_row u_row_style=\u00a0\u00bb0&Prime; u_row_paralax=\u00a0\u00bb1&Prime; u_row_scheme=\u00a0\u00bb0&Prime; css=\u00a0\u00bb.vc_custom_1647974277592{margin-bottom: 0px !important;padding-top: 40px !important;padding-bottom: 40px !important;}\u00a0\u00bb][vc_column][vc_row_inner css=\u00a0\u00bb.vc_custom_1406950310766{padding-top: 50px !important;padding-bottom: 40px !important;}\u00a0\u00bb][vc_column_inner width=\u00a0\u00bb1\/2&Prime;][vc_column_text css_animation=\u00a0\u00bbleft-to-right\u00a0\u00bb]<\/p>\n<h2 style=\"text-align: right;\">Espagnol en ligne<\/h2>\n<p>[\/vc_column_text][vc_column_text css_animation=\u00a0\u00bbleft-to-right\u00a0\u00bb]<\/p>\n<p style=\"text-align: right;\">Apprenez ou perfectionnez votre espagnol quel que soit votre niveau actuel. Atteignez vos objectifs de communication en espagnol oral et \u00e9crit et connaissez l\u2019identit\u00e9 culturelle espagnole.<\/p>\n<p style=\"text-align: right;\">Nous travaillerons sur tous ces aspects avec notre m\u00e9thodologie adapt\u00e9e au Plan Pedagogique de l\u2019Instituto Cervantes et au Cadre Europ\u00e9en Commun de R\u00e9f\u00e9rence pour les Langues.<\/p>\n<p>[\/vc_column_text][vc_column_text css_animation=\u00a0\u00bbbottom-to-top\u00a0\u00bb]<\/p>\n<p style=\"text-align: right;\">    \t<a class=\"btn button-button_19 btn-default btn-lg \" href=\"\/fr\/espanol-online\" data-delay=0 >\r\n        <i class=\"fa fa-graduation-cap\"><\/i>&nbsp;&nbsp;D\u00c9TAILS        <\/a>\r\n        <\/p>\n<p>[\/vc_column_text][\/vc_column_inner][vc_column_inner width=\u00a0\u00bb1\/2&Prime;][vc_single_image image=\u00a0\u00bb4957&Prime; img_size=\u00a0\u00bb500&#215;460&Prime; alignment=\u00a0\u00bbcenter\u00a0\u00bb css_animation=\u00a0\u00bbright-to-left\u00a0\u00bb][\/vc_column_inner][\/vc_row_inner][\/vc_column][\/vc_row][vc_row u_row_style=\u00a0\u00bb0&Prime; u_row_paralax=\u00a0\u00bb1&Prime; u_row_scheme=\u00a0\u00bb1&Prime; css=\u00a0\u00bb.vc_custom_1647973291396{padding-top: 160px !important;padding-right: 160px !important;padding-bottom: 160px !important;padding-left: 160px !important;background-image: url(https:\/\/jarchaespanol.com\/wp-content\/uploads\/2022\/03\/fondo-libros-scaled.jpg?id=2976) !important;background-position: center !important;background-repeat: no-repeat !important;background-size: cover !important;}\u00a0\u00bb][vc_column][vc_column_text css_animation=\u00a0\u00bbtop-to-bottom\u00a0\u00bb]<\/p>\n<h1 style=\"text-align: center;\">Vous aves des doutes? Contactez pour plus d\u2019informations<\/h1>\n<p>&nbsp;<\/p>\n<p style=\"text-align: center;\">    \t<a class=\"btn button-button_19 btn-primary btn-lg \" href=\"\/fr\/contacta\" data-delay=0 >\r\n        Contacter        <\/a>\r\n        <\/p>\n<p>[\/vc_column_text][\/vc_column][\/vc_row]<\/p>\n","protected":false},"excerpt":{"rendered":"<p>[vc_row full_width=\u00a0\u00bbstretch_row\u00a0\u00bb u_row_style=\u00a0\u00bb0&Prime; u_row_paralax=\u00a0\u00bb0&Prime; u_row_scheme=\u00a0\u00bb0&Prime; css=\u00a0\u00bb.vc_custom_1689236971182{padding-top: 35px !important;padding-right: 15px !important;padding-bottom: 15px !important;padding-left: 15px !important;background-color: #ffffff !important;background-position: center !important;background-repeat: no-repeat !important;background-size: cover !important;}\u00a0\u00bb el_class=\u00a0\u00bbbanner-portada\u00a0\u00bb][vc_column css=\u00a0\u00bb.vc_custom_1689237226280{border-bottom-width: 0px !important;padding-top: 0px !important;background: #ffffff url(https:\/\/jarchaespanol.com\/wp-content\/uploads\/2023\/07\/banner-inmersion-idioma-espanol.jpg?id=9317) !important;background-position: center !important;background-repeat: no-repeat !important;background-size: cover !important;border-radius: 15px !important;}\u00a0\u00bb el_class=\u00a0\u00bbcolumna-banner\u00a0\u00bb][vc_custom_heading text=\u00a0\u00bbInscriptions ouvertes pour le cours 2025-2026&Prime; font_container=\u00a0\u00bbtag:h2|font_size:30|text_align:center\u00a0\u00bb google_fonts=\u00a0\u00bbfont_family:Source%20Sans%20Pro%3A200%2C200italic%2C300%2C300italic%2Cregular%2Citalic%2C600%2C600italic%2C700%2C700italic%2C900%2C900italic|font_style:600%20bold%20regular%3A600%3Anormal\u00a0\u00bb el_class=\u00a0\u00bbbanner-portada-texto\u00a0\u00bb css=\u00a0\u00bb.vc_custom_1752228636493{padding-bottom: 0px !important;}\u00a0\u00bb][vc_custom_heading text=\u00a0\u00bb\u27a1\ufe0f Cours de [&hellip;]<\/p>\n","protected":false},"author":1,"featured_media":0,"parent":0,"menu_order":0,"comment_status":"closed","ping_status":"closed","template":"page-templates\/front-page.php","meta":{"inline_featured_image":false,"_joinchat":[],"footnotes":""},"class_list":["post-5543","page","type-page","status-publish","hentry"],"yoast_head":"<!-- This site is optimized with the Yoast SEO plugin v26.8 - https:\/\/yoast.com\/product\/yoast-seo-wordpress\/ -->\n<title>Inicio - Jarcha Espa\u00f1ol<\/title>\n<meta name=\"description\" content=\"Espagnol en immersion linguistique. Cours d&#039;espagnol en ligne pour particuliers et entreprises, tous niveaux. Espagnol en pr\u00e9sentiel pour les groupes.\" \/>\n<meta name=\"robots\" content=\"index, follow, max-snippet:-1, max-image-preview:large, max-video-preview:-1\" \/>\n<link rel=\"canonical\" href=\"https:\/\/jarchaespanol.com\/fr\/\" \/>\n<meta property=\"og:locale\" content=\"fr_FR\" \/>\n<meta property=\"og:type\" content=\"article\" \/>\n<meta property=\"og:title\" content=\"Inicio - Jarcha Espa\u00f1ol\" \/>\n<meta property=\"og:description\" content=\"Espagnol en immersion linguistique. Cours d&#039;espagnol en ligne pour particuliers et entreprises, tous niveaux. Espagnol en pr\u00e9sentiel pour les groupes.\" \/>\n<meta property=\"og:url\" content=\"https:\/\/jarchaespanol.com\/\" \/>\n<meta property=\"og:site_name\" content=\"Jarcha Espa\u00f1ol\" \/>\n<meta property=\"article:modified_time\" content=\"2025-07-11T10:10:40+00:00\" \/>\n<meta name=\"twitter:card\" content=\"summary_large_image\" \/>\n<script type=\"application\/ld+json\" class=\"yoast-schema-graph\">{\"@context\":\"https:\/\/schema.org\",\"@graph\":[{\"@type\":\"WebPage\",\"@id\":\"https:\/\/jarchaespanol.com\/\",\"url\":\"https:\/\/jarchaespanol.com\/\",\"name\":\"Inicio - Jarcha Espa\u00f1ol\",\"isPartOf\":{\"@id\":\"https:\/\/jarchaespanol.com\/#website\"},\"datePublished\":\"2022-07-16T02:09:24+00:00\",\"dateModified\":\"2025-07-11T10:10:40+00:00\",\"description\":\"Espagnol en immersion linguistique. Cours d'espagnol en ligne pour particuliers et entreprises, tous niveaux. Espagnol en pr\u00e9sentiel pour les groupes.\",\"breadcrumb\":{\"@id\":\"https:\/\/jarchaespanol.com\/#breadcrumb\"},\"inLanguage\":\"fr-FR\",\"potentialAction\":[{\"@type\":\"ReadAction\",\"target\":[\"https:\/\/jarchaespanol.com\/\"]}]},{\"@type\":\"BreadcrumbList\",\"@id\":\"https:\/\/jarchaespanol.com\/#breadcrumb\",\"itemListElement\":[{\"@type\":\"ListItem\",\"position\":1,\"name\":\"Home\",\"item\":\"https:\/\/jarchaespanol.com\/\"},{\"@type\":\"ListItem\",\"position\":2,\"name\":\"Inicio\"}]},{\"@type\":\"WebSite\",\"@id\":\"https:\/\/jarchaespanol.com\/#website\",\"url\":\"https:\/\/jarchaespanol.com\/\",\"name\":\"Jarcha Espa\u00f1ol\",\"description\":\"Plataforma en l\u00ednea especializada en la comunicaci\u00f3n y en la formaci\u00f3n en espa\u00f1ol. Aprende espa\u00f1ol online.\",\"publisher\":{\"@id\":\"https:\/\/jarchaespanol.com\/#organization\"},\"potentialAction\":[{\"@type\":\"SearchAction\",\"target\":{\"@type\":\"EntryPoint\",\"urlTemplate\":\"https:\/\/jarchaespanol.com\/?s={search_term_string}\"},\"query-input\":{\"@type\":\"PropertyValueSpecification\",\"valueRequired\":true,\"valueName\":\"search_term_string\"}}],\"inLanguage\":\"fr-FR\"},{\"@type\":\"Organization\",\"@id\":\"https:\/\/jarchaespanol.com\/#organization\",\"name\":\"Jarcha Espa\u00f1ol\",\"url\":\"https:\/\/jarchaespanol.com\/\",\"logo\":{\"@type\":\"ImageObject\",\"inLanguage\":\"fr-FR\",\"@id\":\"https:\/\/jarchaespanol.com\/#\/schema\/logo\/image\/\",\"url\":\"https:\/\/jarchaespanol.com\/wp-content\/uploads\/2022\/03\/logo-factura-2.png\",\"contentUrl\":\"https:\/\/jarchaespanol.com\/wp-content\/uploads\/2022\/03\/logo-factura-2.png\",\"width\":474,\"height\":177,\"caption\":\"Jarcha Espa\u00f1ol\"},\"image\":{\"@id\":\"https:\/\/jarchaespanol.com\/#\/schema\/logo\/image\/\"}}]}<\/script>\n<!-- \/ Yoast SEO plugin. -->","yoast_head_json":{"title":"Inicio - Jarcha Espa\u00f1ol","description":"Espagnol en immersion linguistique. Cours d'espagnol en ligne pour particuliers et entreprises, tous niveaux. Espagnol en pr\u00e9sentiel pour les groupes.","robots":{"index":"index","follow":"follow","max-snippet":"max-snippet:-1","max-image-preview":"max-image-preview:large","max-video-preview":"max-video-preview:-1"},"canonical":"https:\/\/jarchaespanol.com\/fr\/","og_locale":"fr_FR","og_type":"article","og_title":"Inicio - Jarcha Espa\u00f1ol","og_description":"Espagnol en immersion linguistique. Cours d'espagnol en ligne pour particuliers et entreprises, tous niveaux. Espagnol en pr\u00e9sentiel pour les groupes.","og_url":"https:\/\/jarchaespanol.com\/","og_site_name":"Jarcha Espa\u00f1ol","article_modified_time":"2025-07-11T10:10:40+00:00","twitter_card":"summary_large_image","schema":{"@context":"https:\/\/schema.org","@graph":[{"@type":"WebPage","@id":"https:\/\/jarchaespanol.com\/","url":"https:\/\/jarchaespanol.com\/","name":"Inicio - Jarcha Espa\u00f1ol","isPartOf":{"@id":"https:\/\/jarchaespanol.com\/#website"},"datePublished":"2022-07-16T02:09:24+00:00","dateModified":"2025-07-11T10:10:40+00:00","description":"Espagnol en immersion linguistique. Cours d'espagnol en ligne pour particuliers et entreprises, tous niveaux. Espagnol en pr\u00e9sentiel pour les groupes.","breadcrumb":{"@id":"https:\/\/jarchaespanol.com\/#breadcrumb"},"inLanguage":"fr-FR","potentialAction":[{"@type":"ReadAction","target":["https:\/\/jarchaespanol.com\/"]}]},{"@type":"BreadcrumbList","@id":"https:\/\/jarchaespanol.com\/#breadcrumb","itemListElement":[{"@type":"ListItem","position":1,"name":"Home","item":"https:\/\/jarchaespanol.com\/"},{"@type":"ListItem","position":2,"name":"Inicio"}]},{"@type":"WebSite","@id":"https:\/\/jarchaespanol.com\/#website","url":"https:\/\/jarchaespanol.com\/","name":"Jarcha Espa\u00f1ol","description":"Plataforma en l\u00ednea especializada en la comunicaci\u00f3n y en la formaci\u00f3n en espa\u00f1ol. Aprende espa\u00f1ol online.","publisher":{"@id":"https:\/\/jarchaespanol.com\/#organization"},"potentialAction":[{"@type":"SearchAction","target":{"@type":"EntryPoint","urlTemplate":"https:\/\/jarchaespanol.com\/?s={search_term_string}"},"query-input":{"@type":"PropertyValueSpecification","valueRequired":true,"valueName":"search_term_string"}}],"inLanguage":"fr-FR"},{"@type":"Organization","@id":"https:\/\/jarchaespanol.com\/#organization","name":"Jarcha Espa\u00f1ol","url":"https:\/\/jarchaespanol.com\/","logo":{"@type":"ImageObject","inLanguage":"fr-FR","@id":"https:\/\/jarchaespanol.com\/#\/schema\/logo\/image\/","url":"https:\/\/jarchaespanol.com\/wp-content\/uploads\/2022\/03\/logo-factura-2.png","contentUrl":"https:\/\/jarchaespanol.com\/wp-content\/uploads\/2022\/03\/logo-factura-2.png","width":474,"height":177,"caption":"Jarcha Espa\u00f1ol"},"image":{"@id":"https:\/\/jarchaespanol.com\/#\/schema\/logo\/image\/"}}]}},"_links":{"self":[{"href":"https:\/\/jarchaespanol.com\/fr\/wp-json\/wp\/v2\/pages\/5543","targetHints":{"allow":["GET"]}}],"collection":[{"href":"https:\/\/jarchaespanol.com\/fr\/wp-json\/wp\/v2\/pages"}],"about":[{"href":"https:\/\/jarchaespanol.com\/fr\/wp-json\/wp\/v2\/types\/page"}],"author":[{"embeddable":true,"href":"https:\/\/jarchaespanol.com\/fr\/wp-json\/wp\/v2\/users\/1"}],"replies":[{"embeddable":true,"href":"https:\/\/jarchaespanol.com\/fr\/wp-json\/wp\/v2\/comments?post=5543"}],"version-history":[{"count":1,"href":"https:\/\/jarchaespanol.com\/fr\/wp-json\/wp\/v2\/pages\/5543\/revisions"}],"predecessor-version":[{"id":17590,"href":"https:\/\/jarchaespanol.com\/fr\/wp-json\/wp\/v2\/pages\/5543\/revisions\/17590"}],"wp:attachment":[{"href":"https:\/\/jarchaespanol.com\/fr\/wp-json\/wp\/v2\/media?parent=5543"}],"curies":[{"name":"wp","href":"https:\/\/api.w.org\/{rel}","templated":true}]}}