{"id":5548,"date":"2022-07-12T04:08:12","date_gmt":"2022-07-12T02:08:12","guid":{"rendered":"https:\/\/jarchaespanol.es\/cours-dimmersion-linguistique\/"},"modified":"2025-08-08T00:01:10","modified_gmt":"2025-08-07T22:01:10","slug":"espagnol-en-immersion-linguistique","status":"publish","type":"page","link":"https:\/\/jarchaespanol.com\/fr\/espagnol-en-immersion-linguistique\/","title":{"rendered":"Espagnol en immersion linguistique: VigoLingua"},"content":{"rendered":"<p>[vc_row u_row_style=\u00a0\u00bb0&Prime; u_row_paralax=\u00a0\u00bb0&Prime; u_row_scheme=\u00a0\u00bb0&Prime; css=\u00a0\u00bb.vc_custom_1717663770798{margin-top: 0px !important;margin-right: 0px !important;margin-bottom: 0px !important;margin-left: 0px !important;border-top-width: 0px !important;border-right-width: 0px !important;border-bottom-width: 0px !important;border-left-width: 0px !important;padding-top: 0px !important;padding-right: 0px !important;padding-bottom: 0px !important;padding-left: 0px !important;background-color: #9a3c4b !important;background-position: center !important;background-repeat: no-repeat !important;background-size: cover !important;}\u00a0\u00bb][vc_column css=\u00a0\u00bb.vc_custom_1717663749342{margin-top: 0px !important;margin-right: 0px !important;margin-bottom: 0px !important;margin-left: 0px !important;border-top-width: 0px !important;border-right-width: 0px !important;border-bottom-width: 0px !important;border-left-width: 0px !important;padding-top: 0px !important;padding-right: 0px !important;padding-bottom: 0px !important;padding-left: 0px !important;}\u00a0\u00bb][vc_single_image image=\u00a0\u00bb11643&Prime; img_size=\u00a0\u00bbfull\u00a0\u00bb css=\u00a0\u00bb.vc_custom_1717663968928{margin-top: 0px !important;margin-right: 0px !important;margin-bottom: 0px !important;margin-left: 0px !important;}\u00a0\u00bb][\/vc_column][vc_column css=\u00a0\u00bb.vc_custom_1717663895400{margin-top: 0px !important;margin-right: 0px !important;margin-bottom: 0px !important;margin-left: 0px !important;border-top-width: 0px !important;border-right-width: 0px !important;border-bottom-width: 0px !important;border-left-width: 0px !important;padding-top: 0px !important;padding-right: 0px !important;padding-bottom: 0px !important;padding-left: 0px !important;}\u00a0\u00bb][vc_column_text css=\u00a0\u00bb.vc_custom_1729693131250{margin-right: 15px !important;margin-bottom: 15px !important;margin-left: 15px !important;padding-top: 10px !important;padding-right: 10px !important;padding-bottom: 10px !important;padding-left: 10px !important;}\u00a0\u00bb el_class=\u00a0\u00bbtexto-enorme\u00a0\u00bb]<\/p>\n<p style=\"text-align: center;\"><span style=\"color: #f9d4a4;\"><span class=\"OYPEnA text-decoration-none text-strikethrough-none\">D\u00e9couvrez la Galice et am\u00e9liorez vos comp\u00e9tences en espagnol avec ce cours d&rsquo;immersion linguistique<\/span><\/span><\/p>\n<p>[\/vc_column_text][\/vc_column][\/vc_row][vc_row u_row_style=\u00a0\u00bb0&Prime; u_row_paralax=\u00a0\u00bb0&Prime; u_row_scheme=\u00a0\u00bb0&Prime; css=\u00a0\u00bb.vc_custom_1652260288089{margin-bottom: 0px !important;}\u00a0\u00bb][vc_column css=\u00a0\u00bb.vc_custom_1717663807031{margin-bottom: 0px !important;padding-bottom: 15px !important;}\u00a0\u00bb][vc_empty_space][vc_empty_space height=\u00a0\u00bb30px\u00a0\u00bb][vc_column_text css=\u00a0\u00bb.vc_custom_1717586071364{margin-bottom: 15px !important;padding-bottom: 15px !important;}\u00a0\u00bb]<\/p>\n<h2><strong><span class=\"OYPEnA text-decoration-none text-strikethrough-none\">Qu&rsquo;est-ce que<\/span> <span class=\"OYPEnA text-decoration-none text-strikethrough-none\" style=\"color: #6e874a;\">Vigo<\/span><span class=\"OYPEnA text-decoration-none text-strikethrough-none\"><span style=\"color: #9a3c4b;\">Lingua<\/span>?<\/span><\/strong><\/h2>\n<p>[\/vc_column_text][vc_column_text css=\u00a0\u00bb.vc_custom_1717664495900{margin-bottom: 15px !important;padding-bottom: 15px !important;}\u00a0\u00bb]<\/p>\n<p class=\"cvGsUA direction-ltr align-justify para-style-body\"><strong><span class=\"OYPEnA text-decoration-none text-strikethrough-none\" style=\"color: #6e874a;\">Vigo<\/span><span class=\"OYPEnA text-decoration-none text-strikethrough-none\" style=\"color: #9a3c4b;\">Lingua<\/span><\/strong> <span class=\"OYPEnA text-decoration-none text-strikethrough-none\">est un <\/span><strong><span class=\"OYPEnA text-decoration-none text-strikethrough-none\">cours intensif d\u2019immersion linguistique en espagnol <\/span><\/strong><span class=\"OYPEnA text-decoration-none text-strikethrough-none\">qui se d\u00e9roule<\/span> <span class=\"OYPEnA text-decoration-none text-strikethrough-none\">\u00e0<\/span> <strong><span class=\"OYPEnA text-decoration-none text-strikethrough-none\" style=\"color: #6e874a;\">Vigo<\/span> <span class=\"OYPEnA text-decoration-none text-strikethrough-none\">(Galice)<\/span><\/strong><span class=\"OYPEnA text-decoration-none text-strikethrough-none\"> et s\u2019adresse \u00e0 <\/span><strong><span class=\"OYPEnA text-decoration-none text-strikethrough-none\">des groupes <\/span><\/strong><span class=\"OYPEnA text-decoration-none text-strikethrough-none\">appartenant \u00e0<\/span><strong><span class=\"OYPEnA text-decoration-none text-strikethrough-none\"> diff\u00e9rents types<\/span> <\/strong><span class=\"OYPEnA text-decoration-none text-strikethrough-none\"><strong>d&rsquo;entit\u00e9s ou de collectifs<\/strong>.<\/span><\/p>\n<p><\/p>\n<p class=\"cvGsUA direction-ltr align-justify para-style-body\"><strong><span class=\"OYPEnA text-decoration-none text-strikethrough-none\" style=\"color: #6e874a;\">Vigo<\/span><span class=\"OYPEnA text-decoration-none text-strikethrough-none\" style=\"color: #9a3c4b;\">Lingua<\/span><\/strong><span class=\"OYPEnA text-decoration-none text-strikethrough-none\"> associe <\/span><strong><span class=\"OYPEnA text-decoration-none text-strikethrough-none\">l\u2019enseignement de l\u2019espagnol <\/span><\/strong><span class=\"OYPEnA text-decoration-none text-strikethrough-none\">\u00e0 l\u2019<\/span><strong><span class=\"OYPEnA text-decoration-none text-strikethrough-none\">exploration du patrimoine culturel et naturel de la Galice, <\/span><\/strong><span class=\"OYPEnA text-decoration-none text-strikethrough-none\">\u00e0 travers diverses<\/span><strong><span class=\"OYPEnA text-decoration-none text-strikethrough-none\"> activit\u00e9s \u00e9ducatives et extrascolaires qui am\u00e9liorent non seulement les comp\u00e9tences linguistiques des \u00e9tudiants, mais favorisent \u00e9galement leur int\u00e9gration compl\u00e8te dans la culture locale.<\/span><\/strong><\/p>\n<p>[\/vc_column_text][vc_video link=\u00a0\u00bbhttps:\/\/youtu.be\/qVtvMWN-YZQ\u00a0\u00bb][\/vc_column][\/vc_row][vc_row][vc_column][vc_empty_space height=\u00a0\u00bb30px\u00a0\u00bb][vc_column_text css=\u00a0\u00bb.vc_custom_1717589133332{margin-bottom: 15px !important;padding-bottom: 15px !important;}\u00a0\u00bb]<\/p>\n<h2><strong><span class=\"OYPEnA text-decoration-none text-strikethrough-none\">Comment fonctionne <\/span><span class=\"OYPEnA text-decoration-none text-strikethrough-none\" style=\"color: #6e874a;\">Vigo<\/span><span class=\"OYPEnA text-decoration-none text-strikethrough-none\"><span style=\"color: #9a3c4b;\">Lingua<\/span>?<\/span><\/strong><\/h2>\n<p>[\/vc_column_text][vc_column_text]<span class=\"OYPEnA text-decoration-none text-strikethrough-none\">Le programme, sp\u00e9cialement con\u00e7u pour les <\/span><span class=\"OYPEnA text-decoration-none text-strikethrough-none\"><strong>groupes<\/strong>, <\/span><span class=\"OYPEnA text-decoration-none text-strikethrough-none\">s&rsquo;\u00e9tend sur une p\u00e9riode de deux semaines avec un total de <\/span><span class=\"OYPEnA text-decoration-none text-strikethrough-none\"><strong>40 heures de cours<\/strong>,<\/span><span class=\"OYPEnA text-decoration-none text-strikethrough-none\"> r\u00e9parties du lundi au vendredi. La formation en classe est compl\u00e9t\u00e9e par diverses <strong>a<\/strong><\/span><strong><span class=\"OYPEnA text-decoration-none text-strikethrough-none\">ctivit\u00e9s culturelles et de loisirs<\/span><\/strong><span class=\"OYPEnA text-decoration-none text-strikethrough-none\"> pour enrichir l&rsquo;exp\u00e9rience \u00e9ducative.<\/span><\/p>\n<ul>\n<li><span class=\"OYPEnA text-decoration-none text-strikethrough-none\">Les <span style=\"color: #9a3c4b;\"><strong>cours<\/strong><\/span> ont lieu le matin et les <span style=\"color: #6e874a;\"><strong>activit\u00e9s extrascolaires<\/strong><\/span> se d\u00e9roulent l&rsquo;apr\u00e8s-midi et le week-end.<\/span><\/li>\n<li><span class=\"OYPEnA text-decoration-none text-strikethrough-none\">Les \u00e9l\u00e8ves sont couverts par une <strong>assurance scolaire<\/strong> \u00e0 tout moment.<\/span><\/li>\n<\/ul>\n<p><span class=\"OYPEnA text-decoration-none text-strikethrough-none\" style=\"color: #9a3c4b;\"><strong>L<span class=\"OYPEnA text-decoration-none text-strikethrough-none\">L&rsquo;activit\u00e9 p\u00e9dagogique, <\/span><\/strong><\/span><span class=\"OYPEnA text-decoration-none text-strikethrough-none\"><span class=\"OYPEnA text-decoration-none text-strikethrough-none\">r\u00e9alis\u00e9e par l&rsquo;\u00e9quipe de \u00a0<strong>Jarcha Espa<span style=\"color: #9a3c4b;\">\u00f1<\/span><\/strong><strong>ol<\/strong><\/span><\/span><span class=\"OYPEnA text-decoration-none text-strikethrough-none\"><span class=\"OYPEnA text-decoration-none text-strikethrough-none\">,<\/span><span class=\"OYPEnA text-decoration-none text-strikethrough-none\"> garantit un suivi acad\u00e9mique continu et individualis\u00e9. La formation a lieu dans les installations de l&rsquo;h\u00f4tel o\u00f9 les \u00e9l\u00e8ves sont h\u00e9berg\u00e9s en pension compl\u00e8te.<\/span><\/span><\/p>\n<p><a href=\"https:\/\/www.galisacra.com\/\" target=\"_blank\" rel=\"noopener\"><span style=\"color: #6e874a;\"><strong>Galisacra<\/strong><\/span><\/a> coordonne <span style=\"color: #6e874a;\"><strong>les diverses activit\u00e9s parascolaires, culturelles et de loisirs,<\/strong><\/span> con\u00e7ues pour compl\u00e9ter chaque exp\u00e9rience \u00e9ducative et adapt\u00e9es au profil des diff\u00e9rents groupes.[\/vc_column_text][\/vc_column][\/vc_row][vc_row][vc_column][vc_empty_space height=\u00a0\u00bb30px\u00a0\u00bb][vc_column_text]<\/p>\n<h2><strong><span class=\"OYPEnA text-decoration-none text-strikethrough-none\">Qui sommes-nous chez <\/span><span class=\"OYPEnA text-decoration-none text-strikethrough-none\" style=\"color: #6e874a;\">Vigo<\/span><span class=\"OYPEnA text-decoration-none text-strikethrough-none\"><span style=\"color: #9a3c4b;\">Lingua<\/span>?<\/span><\/strong><\/h2>\n<p>[\/vc_column_text][vc_row_inner css=\u00a0\u00bb.vc_custom_1717663206876{background-color: #fff4e2 !important;}\u00a0\u00bb][vc_column_inner width=\u00a0\u00bb1\/2&Prime; css=\u00a0\u00bb.vc_custom_1717933521269{padding-top: 15px !important;}\u00a0\u00bb][vc_single_image image=\u00a0\u00bb11607&Prime; img_size=\u00a0\u00bbfull\u00a0\u00bb css=\u00a0\u00bb.vc_custom_1717933674489{margin-bottom: 15px !important;}\u00a0\u00bb][\/vc_column_inner][vc_column_inner width=\u00a0\u00bb1\/2&Prime; css=\u00a0\u00bb.vc_custom_1717933512641{padding-top: 15px !important;}\u00a0\u00bb][vc_column_text css=\u00a0\u00bb.vc_custom_1731159045145{margin-bottom: 15px !important;}\u00a0\u00bb]<span style=\"color: #6e874a;\"><strong><span class=\"OYPEnA text-decoration-none text-strikethrough-none\">Mamen Reinoso<\/span> et<\/strong><span class=\"OYPEnA text-decoration-none text-strikethrough-none\"><strong>\u00a0Bea Dom\u00ednguez<\/strong><\/span><\/span>\u00a0forment l\u2019\u00e9quipe <a href=\"https:\/\/www.galisacra.com\/\" target=\"_blank\" rel=\"noopener\"><span style=\"color: #6e874a;\"><strong>Galisacra<\/strong><\/span><\/a>, fond\u00e9e en 2022. Expertes dans la cr\u00e9ation de voyages m\u00e9morables, leur engagement dans la promotion de <strong>la Galice<\/strong> en tant que <strong>destination touristique<\/strong> garantit la qualit\u00e9 et le succ\u00e8s de chaque exp\u00e9rience\u00a0<span style=\"color: #6e874a;\"><strong><span class=\"OYPEnA text-decoration-none text-strikethrough-none\">Vigo<\/span><\/strong><\/span><span class=\"OYPEnA text-decoration-none text-strikethrough-none\" style=\"color: #9a3c4b;\"><strong>Lingua<\/strong>.<\/span>[\/vc_column_text][\/vc_column_inner][\/vc_row_inner][vc_empty_space height=\u00a0\u00bb15px\u00a0\u00bb][vc_row_inner css=\u00a0\u00bb.vc_custom_1717933777066{background-color: #ffd9ce !important;}\u00a0\u00bb][vc_column_inner width=\u00a0\u00bb1\/2&Prime; css=\u00a0\u00bb.vc_custom_1717933554419{padding-top: 15px !important;}\u00a0\u00bb][vc_column_text css=\u00a0\u00bb.vc_custom_1719317258317{margin-bottom: 15px !important;}\u00a0\u00bb]<span style=\"color: #9a3c4b;\"><strong><span class=\"OYPEnA text-decoration-none text-strikethrough-none\">Ana Ghersi.<\/span><\/strong><\/span><span class=\"OYPEnA text-decoration-none text-strikethrough-none\"> Depuis 2021, elle est la voix derri\u00e8re <strong>Jarcha Espa<span style=\"color: #9a3c4b;\">\u00f1<\/span>ol<\/strong>. Philologue et <strong>enseignante<\/strong> exp\u00e9riment\u00e9e d&rsquo;espagnol langue \u00e9trang\u00e8re, elle dirige <strong>l&rsquo;activit\u00e9 \u00e9ducative<\/strong> et contribue \u00e0 <span style=\"color: #6e874a;\"><strong>Vigo<\/strong><\/span><span class=\"OYPEnA text-decoration-none text-strikethrough-none\" style=\"color: #9a3c4b;\"><strong>Lingua<\/strong><\/span> avec son engagement pour l&rsquo;excellence \u00e9ducative pour une exceptionnelle immersion linguistique en espagnol.<\/span>[\/vc_column_text][\/vc_column_inner][vc_column_inner width=\u00a0\u00bb1\/2&Prime; css=\u00a0\u00bb.vc_custom_1717933547670{padding-top: 15px !important;}\u00a0\u00bb][vc_single_image image=\u00a0\u00bb11612&Prime; img_size=\u00a0\u00bbfull\u00a0\u00bb css=\u00a0\u00bb.vc_custom_1717933659402{margin-bottom: 15px !important;}\u00a0\u00bb][\/vc_column_inner][\/vc_row_inner][vc_empty_space height=\u00a0\u00bb30px\u00a0\u00bb][\/vc_column][\/vc_row][vc_row][vc_column][vc_empty_space height=\u00a0\u00bb30px\u00a0\u00bb][vc_column_text css=\u00a0\u00bb.vc_custom_1717589942944{margin-bottom: 15px !important;padding-bottom: 15px !important;}\u00a0\u00bb]<\/p>\n<h2><strong><span class=\"OYPEnA text-decoration-none text-strikethrough-none\">\u00c0 qui s\u2019adresse <\/span><span class=\"OYPEnA text-decoration-none text-strikethrough-none\" style=\"color: #6e874a;\">Vigo<\/span><span class=\"OYPEnA text-decoration-none text-strikethrough-none\"><span style=\"color: #9a3c4b;\">Lingua<\/span>?<\/span><\/strong><\/h2>\n<p>[\/vc_column_text][vc_column_text]<strong><span class=\"OYPEnA text-decoration-none text-strikethrough-none\" style=\"color: #6e874a;\">Vigo<\/span><span class=\"OYPEnA text-decoration-none text-strikethrough-none\"><span style=\"color: #9a3c4b;\">Lingua <\/span><\/span><\/strong><span class=\"OYPEnA text-decoration-none text-strikethrough-none\">est destin\u00e9 \u00e0 des <\/span><span class=\"OYPEnA text-decoration-none text-strikethrough-none\"><strong>groupes<\/strong> d&rsquo;\u00e9tudiants de <strong>niveau interm\u00e9diaire et avanc\u00e9<\/strong> en espagnol, selon le CECR (Cadre Europ\u00e9en Commun de R\u00e9f\u00e9rence pour les langues), appartenant \u00e0 des <strong>entit\u00e9s ou collectifs <\/strong>souhaitant vivre une exp\u00e9rience \u00e9ducative et culturelle sans \u00e9gale.<\/span><\/p>\n<ul>\n<li><span class=\"OYPEnA text-decoration-none text-strikethrough-none\" style=\"color: #9a3c4b;\"><strong>Entreprises et \u00e9quipes de travail<\/strong> <\/span><span class=\"OYPEnA text-decoration-none text-strikethrough-none\">qui aspirent \u00e0 renforcer l&rsquo;interaction dans des environnements hispanophones. Avec <span style=\"color: #6e874a;\"><strong>Vigo<\/strong><\/span><span class=\"OYPEnA text-decoration-none text-strikethrough-none\" style=\"color: #9a3c4b;\"><strong>Lingua<\/strong><\/span><\/span><span class=\"OYPEnA text-decoration-none text-strikethrough-none\">,<\/span><span class=\"OYPEnA text-decoration-none text-strikethrough-none\"> ils trouveront l&rsquo;opportunit\u00e9 de perfectionner leurs comp\u00e9tences linguistiques et culturelles. Avec un accent particulier sur l&rsquo;efficacit\u00e9 dans les relations avec les clients, coll\u00e8gues et fournisseurs, ce cours promeut \u00e9galement la collaboration et l&rsquo;efficacit\u00e9 dans le domaine professionnel<\/span><\/li>\n<li><span style=\"color: #9a3c4b;\"><strong>Groupes scolaires<\/strong><\/span> recherchant une immersion compl\u00e8te dans la langue et la culture espagnoles. <span class=\"OYPEnA text-decoration-none text-strikethrough-none\"><span style=\"color: #6e874a;\"><strong>Vigo<\/strong><\/span><span class=\"OYPEnA text-decoration-none text-strikethrough-none\" style=\"color: #9a3c4b;\"><strong>Lingua<\/strong><\/span><\/span> offre une formation align\u00e9e sur le programme d\u2019\u00e9tudes de chaque centre \u00e9ducatif et assure la compl\u00e9mentarit\u00e9 des activit\u00e9s p\u00e9riscolaires : dynamiques, amusantes et adapt\u00e9es \u00e0 l\u2019\u00e2ge et aux int\u00e9r\u00eats des participants. Dans un environnement s\u00fbr comme celui de la ville de Vigo, et avec la supervision constante de personnel qualifi\u00e9, <span class=\"OYPEnA text-decoration-none text-strikethrough-none\"><span style=\"color: #6e874a;\"><strong>Vigo<\/strong><\/span><span class=\"OYPEnA text-decoration-none text-strikethrough-none\" style=\"color: #9a3c4b;\"><strong>Lingua<\/strong><\/span><\/span> garantit le bien-\u00eatre des \u00e9l\u00e8ves \u00e0 tout moment.<\/li>\n<li><span style=\"color: #9a3c4b;\"><strong><span class=\"OYPEnA text-decoration-none text-strikethrough-none\">Associations culturelles, artistiques ou scientifiques <\/span><\/strong><\/span><span class=\"OYPEnA text-decoration-none text-strikethrough-none\">qui souhaitent combiner l&rsquo;apprentissage de la langue avec le contact avec le patrimoine artistique, ethnoculturel et naturel de Vigo et d&rsquo;autres lieux galiciens et portugais<\/span><\/li>\n<li><span style=\"color: #9a3c4b;\"><strong><span class=\"OYPEnA text-decoration-none text-strikethrough-none\">Associations universitaires <\/span><\/strong><\/span><span class=\"OYPEnA text-decoration-none text-strikethrough-none\">qui cherchent \u00e0 renforcer la formation \u00e9ducative de leurs \u00e9tudiants, afin de les soutenir dans la d\u00e9couverte de nouvelles opportunit\u00e9s acad\u00e9miques et professionnelles<\/span><\/li>\n<li><span style=\"color: #9a3c4b;\"><strong><span class=\"OYPEnA text-decoration-none text-strikethrough-none\">Associations sportives int\u00e9ress\u00e9es <\/span><\/strong><\/span><span class=\"OYPEnA text-decoration-none text-strikethrough-none\">\u00e0 d\u00e9velopper des comp\u00e9tences sp\u00e9cifiques pour communiquer en espagnol lors de tournois et d&rsquo;\u00e9v\u00e9nements internationaux dans le monde hispanophone<\/span><\/li>\n<li><span style=\"color: #9a3c4b;\"><strong><span class=\"OYPEnA text-decoration-none text-strikethrough-none\">Associations r\u00e9cr\u00e9atives, groupes familiaux et d&rsquo;amis <\/span><\/strong><\/span><span class=\"OYPEnA text-decoration-none text-strikethrough-none\">curieux de d\u00e9couvrir de nouvelles formes de divertissement gr\u00e2ce \u00e0 l&rsquo;immersion en espagnol<\/span><\/li>\n<\/ul>\n<p>&nbsp;[\/vc_column_text][vc_single_image image=\u00a0\u00bb11896&Prime; img_size=\u00a0\u00bbfull\u00a0\u00bb][\/vc_column][\/vc_row][vc_row][vc_column][vc_empty_space height=\u00a0\u00bb30px\u00a0\u00bb][vc_column_text css=\u00a0\u00bb.vc_custom_1717590263117{margin-bottom: 15px !important;padding-bottom: 15px !important;}\u00a0\u00bb]<\/p>\n<h2><strong><span class=\"OYPEnA text-decoration-none text-strikethrough-none\">Qu\u2019est-ce qui distingue <\/span><span class=\"OYPEnA text-decoration-none text-strikethrough-none\" style=\"color: #6e874a;\">Vigo<\/span><span class=\"OYPEnA text-decoration-none text-strikethrough-none\"><span style=\"color: #9a3c4b;\">Lingua <\/span>des autres cours d\u2019immersion en espagnol?<\/span><\/strong><\/h2>\n<p>[\/vc_column_text][vc_message message_box_color=\u00a0\u00bbwarning\u00a0\u00bb icon_type=\u00a0\u00bbmonosocial\u00a0\u00bb icon_monosocial=\u00a0\u00bbvc-mono vc-mono-star\u00a0\u00bb]<strong>La personnalisation dans la m\u00e9thodologie didactique:<\/strong> programmations sur mesure pour r\u00e9pondre aux besoins et aux objectifs uniques de chaque groupe et un suivi individualis\u00e9 des \u00e9l\u00e8ves[\/vc_message][vc_message message_box_color=\u00a0\u00bbwarning\u00a0\u00bb icon_fontawesome=\u00a0\u00bbfas fa-book-open\u00a0\u00bb]<strong>La professionnalit\u00e9 et la longue trajectoire de l\u2019\u00e9quipe enseignante de Jarcha Espa\u00f1ol:<\/strong> une garantie d\u2019apprentissage efficace et de qualit\u00e9[\/vc_message][vc_message message_box_color=\u00a0\u00bbwarning\u00a0\u00bb icon_fontawesome=\u00a0\u00bbfas fa-map-marked-alt\u00a0\u00bb]<strong>L\u2019exp\u00e9rience et l\u2019approche sp\u00e9cialis\u00e9e de Galisacra en Galice en tant que destination touristique:<\/strong> une valeur distinctive pour cette exp\u00e9rience sp\u00e9ciale d\u2019immersion linguistique, qui se d\u00e9roule \u00e0 Vigo et inclut des visites dans d\u2019autres villes galiciennes et portugaises[\/vc_message][vc_message message_box_color=\u00a0\u00bbwarning\u00a0\u00bb icon_fontawesome=\u00a0\u00bbfas fa-icons\u00a0\u00bb]<strong>Une grande vari\u00e9t\u00e9 d\u2019activit\u00e9s parascolaires:<\/strong> des ateliers aux visites techniques d\u2019entreprises, en passant par les excursions guid\u00e9es et les jeux d\u2019\u00e9quipe, chaque exp\u00e9rience est con\u00e7ue pour compl\u00e9ter la formation et encourager la pratique de la langue de mani\u00e8re divertissante[\/vc_message][vc_message message_box_color=\u00a0\u00bbwarning\u00a0\u00bb icon_fontawesome=\u00a0\u00bbfas fa-map-marker-alt\u00a0\u00bb]<strong>La r\u00e9alisation du cours dans la localit\u00e9 de Vigo<\/strong> permet de profiter d\u2019une ville au bord de la mer, d\u2019un environnement s\u00e9curis\u00e9, d\u2019un climat excellent toute l\u2019ann\u00e9e, d\u2019une gastronomie exceptionnelle et d\u2019un rapport qualit\u00e9-prix imbattable[\/vc_message][vc_message message_box_color=\u00a0\u00bbwarning\u00a0\u00bb icon_fontawesome=\u00a0\u00bbfas fa-smile\u00a0\u00bb]<strong>L\u2019enthousiasme de notre \u00e9quipe et l\u2019attention port\u00e9e \u00e0 chaque d\u00e9tail<\/strong> font de VigoLingua bien plus qu\u2019un simple cours d\u2019espagnol; c\u2019est une exp\u00e9rience de croissance personnelle et collective[\/vc_message][\/vc_column][\/vc_row][vc_row][vc_column][vc_empty_space height=\u00a0\u00bb30px\u00a0\u00bb][vc_column_text]<\/p>\n<h2><strong><span class=\"OYPEnA text-decoration-none text-strikethrough-none\">Pourquoi choisir <\/span><span class=\"OYPEnA text-decoration-none text-strikethrough-none\" style=\"color: #6e874a;\">Vigo<\/span><span class=\"OYPEnA text-decoration-none text-strikethrough-none\">?<\/span><\/strong><\/h2>\n<p>[\/vc_column_text][vc_row_inner][vc_column_inner width=\u00a0\u00bb1\/2&Prime;][vc_single_image image=\u00a0\u00bb11819&Prime; img_size=\u00a0\u00bbfull\u00a0\u00bb][\/vc_column_inner][vc_column_inner width=\u00a0\u00bb1\/2&Prime;][vc_column_text]<\/p>\n<ul>\n<li><span class=\"OYPEnA text-decoration-none text-strikethrough-none\">Ville de 300 000 habitants, situ\u00e9e sur la c\u00f4te atlantique<\/span><\/li>\n<li><span class=\"OYPEnA text-decoration-none text-strikethrough-none\">\u00c0 30 km du <\/span><strong><span class=\"OYPEnA text-decoration-none text-strikethrough-none\">Portugal<\/span><\/strong><\/li>\n<li><span class=\"OYPEnA text-decoration-none text-strikethrough-none\">A\u00e9roport propre<\/span><\/li>\n<li><span class=\"OYPEnA text-decoration-none text-strikethrough-none\">\u00c0 100 km de l\u2019a\u00e9roport de <\/span><span style=\"color: #9a3c4b;\"><strong><span class=\"OYPEnA text-decoration-none text-strikethrough-none\">Saint-Jacques-de-Compostelle <\/span><\/strong><\/span><span class=\"OYPEnA text-decoration-none text-strikethrough-none\">et \u00e0 150 km de l\u2019a\u00e9roport de <\/span><span style=\"color: #967ee4;\"><strong><span class=\"OYPEnA text-decoration-none text-strikethrough-none\">Porto<\/span><\/strong><\/span><\/li>\n<li><span class=\"OYPEnA text-decoration-none text-strikethrough-none\">Climat temp\u00e9r\u00e9 toute l\u2019ann\u00e9e<\/span><\/li>\n<li><span class=\"OYPEnA text-decoration-none text-strikethrough-none\">Ville s\u00fbre et tranquille<\/span><\/li>\n<li><span class=\"OYPEnA text-decoration-none text-strikethrough-none\">Environnement touristique moins fr\u00e9quent\u00e9 que d\u2019autres destinations en Espagne<\/span><\/li>\n<li><span class=\"OYPEnA text-decoration-none text-strikethrough-none\">Excellent rapport qualit\u00e9-prix<\/span><\/li>\n<li>Plages, montagnes, \u00eeles, Chemin de Saint-Jacques, histoire, culture, gastronomie<span class=\"OYPEnA text-decoration-none text-strikethrough-none\">&#8230;<\/span><\/li>\n<\/ul>\n<p>[\/vc_column_text][\/vc_column_inner][\/vc_row_inner][\/vc_column][\/vc_row][vc_row][vc_column][vc_empty_space height=\u00a0\u00bb30px\u00a0\u00bb][vc_column_text css=\u00a0\u00bb.vc_custom_1721245888749{margin-bottom: 15px !important;padding-bottom: 15px !important;}\u00a0\u00bb]<\/p>\n<h2><strong><span style=\"color: #9a3c4b;\">Planification d&rsquo;un cours de<\/span> <span style=\"color: #6e874a;\">2 semaines<\/span><\/strong><\/h2>\n<p>&nbsp;[\/vc_column_text][vc_single_image image=\u00a0\u00bb11628&Prime; img_size=\u00a0\u00bbfull\u00a0\u00bb alignment=\u00a0\u00bbcenter\u00a0\u00bb][vc_row_inner][vc_column_inner width=\u00a0\u00bb2\/3&Prime;][vc_column_text css=\u00a0\u00bb.vc_custom_1726440073685{margin-bottom: 15px !important;padding-bottom: 15px !important;}\u00a0\u00bb]<span style=\"color: #6e874a;\"><strong>Comprend<\/strong><\/span><\/p>\n<ul>\n<li>40 heures de cours d\u2019espagnol<\/li>\n<li>mat\u00e9riel didactique<\/li>\n<li>h\u00e9bergement dans un h\u00f4tel central 3 \u00e9toiles<\/li>\n<li>pension compl\u00e8te<\/li>\n<li>des activit\u00e9s et des excursions avec transport les apr\u00e8s-midis et les week-ends<\/li>\n<li>assurance voyage, assistance et responsabilit\u00e9 civile<\/li>\n<\/ul>\n<p>&nbsp;<\/p>\n<p>    \t<a class=\"btn button-button_15 btn-default \" href=\"https:\/\/jarchaespanol.com\/wp-content\/uploads\/2024\/07\/planificacion_curso_fra_2w.pdf\" data-delay= >\r\n        Planification d\u2019un cours&nbsp;&nbsp;<i class=\"fa fa-angle-right\"><\/i>        <\/a>\r\n        [\/vc_column_text][\/vc_column_inner][vc_column_inner width=\u00a0\u00bb1\/3&Prime; css=\u00a0\u00bb.vc_custom_1729767643768{padding-top: 50px !important;padding-bottom: 50px !important;background-image: url(https:\/\/jarchaespanol.com\/wp-content\/uploads\/2024\/10\/etiqueta-precio-jarcha.jpg?id=14456) !important;background-position: center !important;background-repeat: no-repeat !important;background-size: contain !important;}\u00a0\u00bb][vc_column_text]<\/p>\n<h2 style=\"text-align: center; padding-top: 40px; padding-left: 50px; padding-bottom: 20px; font-size: 36px; color: #882437;\"><strong>\u20ac 2999<\/strong><\/h2>\n<p>[\/vc_column_text][\/vc_column_inner][\/vc_row_inner][\/vc_column][\/vc_row][vc_row][vc_column][vc_empty_space height=\u00a0\u00bb30px\u00a0\u00bb][vc_column_text css=\u00a0\u00bb.vc_custom_1717664427926{margin-bottom: 15px !important;padding-bottom: 15px !important;}\u00a0\u00bb]<\/p>\n<h2><strong><span style=\"color: #9a3c4b;\"><span class=\"OYPEnA text-decoration-none text-strikethrough-none\">Activit\u00e9s<\/span>,<\/span> <span style=\"color: #6e874a;\">excursions,<\/span> experiences*<\/strong><\/h2>\n<p>[\/vc_column_text][vc_images_carousel images=\u00a0\u00bb11727,11737,11901,11978,11983,11732&Prime; img_size=\u00a0\u00bbfull\u00a0\u00bb speed=\u00a0\u00bb2000&Prime; autoplay=\u00a0\u00bbyes\u00a0\u00bb hide_prev_next_buttons=\u00a0\u00bbyes\u00a0\u00bb wrap=\u00a0\u00bbyes\u00a0\u00bb][vc_column_text css=\u00a0\u00bb.vc_custom_1717591059463{margin-bottom: 15px !important;padding-bottom: 15px !important;}\u00a0\u00bb]<\/p>\n<ul>\n<li>Visites guid\u00e9es de Vigo et Baiona<\/li>\n<li>Excursion \u00e0 Saint-Jacques-de-Compostelle<\/li>\n<li>Excursion en bateau \u00e0 Cangas, avec \u201ctapas\u201d<\/li>\n<li>Visite d\u2019un \u201cpazo\u201d et de ses caves avec d\u00e9gustation de vin<\/li>\n<li>Sentier de randonn\u00e9e le long de la c\u00f4te<\/li>\n<li>Escape room en plein air dans la ville de Vigo<\/li>\n<li>Excursion \u00e0 la ville portugaise de Valen\u00e7a<\/li>\n<li>Visite de la ville historique de Tui<\/li>\n<li>Atelier de cuisine pour recettes galiciennes<\/li>\n<li>Visites techniques d\u2019entreprises ou th\u00e9matiques<\/li>\n<li>&#8230; et bien plus encore<\/li>\n<\/ul>\n<p><em>* adapt\u00e9 aux besoins et pr\u00e9f\u00e9rences du groupe<\/em>[\/vc_column_text][vc_empty_space height=\u00a0\u00bb30px\u00a0\u00bb][vc_column_text css=\u00a0\u00bb.vc_custom_1753272597822{margin-bottom: 15px !important;padding-bottom: 15px !important;}\u00a0\u00bb]<\/p>\n<h2 class=\"vc_custom_heading vc_custom_1753271987284\"><strong>Test de niveau<\/strong><\/h2>\n<p>[\/vc_column_text][vc_column_text css=\u00a0\u00bb.vc_custom_1753272534530{margin-bottom: 15px !important;padding-bottom: 15px !important;}\u00a0\u00bb]<a class=\"btn btn-jarcha\" href=\"https:\/\/docs.google.com\/forms\/d\/e\/1FAIpQLScMyzM92U1yRd7pyrAY6iNldme-eUzGKpzMkl9ZJUN072zVHw\/viewform?usp=sf_link\" target=\"_blank\" rel=\"noopener\"><span style=\"font-weight: 400;\"><i class=\"vc_btn3-icon fas fa-user-graduate\"><\/i> A1 <\/span><\/a> <a class=\"btn btn-jarcha\" href=\"https:\/\/docs.google.com\/forms\/d\/e\/1FAIpQLSctisEsdQt-A4UJe0KuWHLCDoTzLtXFWelAQNoauRGeyPcSUg\/viewform?usp=sf_link\" target=\"_blank\" rel=\"noopener\"><span style=\"font-weight: 400;\"><i class=\"vc_btn3-icon fas fa-user-graduate\"><\/i> A2 <\/span><\/a> <a class=\"btn btn-jarcha\" href=\"https:\/\/docs.google.com\/forms\/d\/e\/1FAIpQLSdNGeGMzvjiXYDQWm0ySq6zpqES6g3MFOjMnaYxYUgCeI3M7A\/viewform?usp=sf_link\" target=\"_blank\" rel=\"noopener\"><span style=\"font-weight: 400;\"><i class=\"vc_btn3-icon fas fa-user-graduate\"><\/i> B1 <\/span><\/a> <a class=\"btn btn-jarcha\" href=\"https:\/\/docs.google.com\/forms\/d\/e\/1FAIpQLSfHj2JP1zE2D1FUPS_FbH0zTUNzAJ1CEopeBKifrEwm5nMmsw\/viewform?usp=sf_link\" target=\"_blank\" rel=\"noopener\"><span style=\"font-weight: 400;\"><i class=\"vc_btn3-icon fas fa-user-graduate\"><\/i> B2 <\/span><\/a> <a class=\"btn btn-jarcha\" href=\"https:\/\/docs.google.com\/forms\/d\/e\/1FAIpQLSeUgWtLVaOwNh7sbMlg0a7C-zQG3OhJkbzS22VtItOdw6IVCQ\/viewform?usp=sf_link\" target=\"_blank\" rel=\"noopener\"><span style=\"font-weight: 400;\"><i class=\"vc_btn3-icon fas fa-user-graduate\"><\/i> C1 <\/span><\/a> <a class=\"btn btn-jarcha\" style=\"margin-bottom: 5px;\" href=\"https:\/\/docs.google.com\/forms\/d\/e\/1FAIpQLScMlqLbAih6VOcu6jaiNdpp6wh9zkimMY9El8kqYbHZaRVInw\/viewform?usp=sf_link\" target=\"_blank\" rel=\"noopener\"><span style=\"font-weight: 400;\"><i class=\"vc_btn3-icon fas fa-user-graduate\"><\/i> C2 <\/span><\/a>[\/vc_column_text][\/vc_column][\/vc_row][vc_row][vc_column][vc_empty_space height=\u00a0\u00bb30px\u00a0\u00bb][vc_column_text css=\u00a0\u00bb.vc_custom_1718014652494{margin-bottom: 15px !important;padding-bottom: 15px !important;}\u00a0\u00bb el_class=\u00a0\u00bbtexto-enorme\u00a0\u00bb]<\/p>\n<p style=\"text-align: center;\"><em><span class=\"OYPEnA text-decoration-none text-strikethrough-none\">Commencez \u00e0 apprendre l\u2019espagnol AUJOURD\u2019HUI<\/span><\/em><\/p>\n<p>[\/vc_column_text][vc_column_text css=\u00a0\u00bb.vc_custom_1717664465984{margin-bottom: 15px !important;padding-bottom: 15px !important;}\u00a0\u00bb]<\/p>\n<h3 style=\"text-align: center;\"><span style=\"color: #9a3c4b;\"><strong><span style=\"color: #6e874a;\">Immersion<\/span> linguistique en espagnol <span style=\"color: #6e874a;\">\u00e0 Vigo<\/span><\/strong><\/span><\/h3>\n<p>[\/vc_column_text][\/vc_column][\/vc_row][vc_row u_row_style=\u00a0\u00bb0&Prime; u_row_paralax=\u00a0\u00bb0&Prime; u_row_scheme=\u00a0\u00bb0&Prime; css=\u00a0\u00bb.vc_custom_1680714162367{margin-top: 0px !important;margin-bottom: 0px !important;padding-top: 20px !important;padding-right: 15px !important;padding-bottom: 0px !important;padding-left: 15px !important;background-color: #e9edf1 !important;}\u00a0\u00bb][vc_column width=\u00a0\u00bb1\/2&Prime; css=\u00a0\u00bb.vc_custom_1680714150162{padding-top: 0px !important;}\u00a0\u00bb el_class=\u00a0\u00bbno-margin-bottom-mobile\u00a0\u00bb][vc_single_image image=\u00a0\u00bb8700&Prime; img_size=\u00a0\u00bbfull\u00a0\u00bb alignment=\u00a0\u00bbcenter\u00a0\u00bb css_animation=\u00a0\u00bbbottom-to-top\u00a0\u00bb css=\u00a0\u00bb.vc_custom_1681730177185{border-top-width: 0px !important;border-bottom-width: 0px !important;padding-top: 0px !important;padding-bottom: 0px !important;}\u00a0\u00bb][\/vc_column][vc_column width=\u00a0\u00bb1\/2&Prime; css=\u00a0\u00bb.vc_custom_1680714618540{padding-top: 0px !important;}\u00a0\u00bb][vc_icon icon_fontawesome=\u00a0\u00bbfas fa-phone-alt\u00a0\u00bb color=\u00a0\u00bbwhite\u00a0\u00bb background_style=\u00a0\u00bbrounded\u00a0\u00bb background_color=\u00a0\u00bbcustom\u00a0\u00bb custom_background_color=\u00a0\u00bb#8d2237&Prime; link=\u00a0\u00bburl:tel%3A0034698196773|\u00a0\u00bb css=\u00a0\u00bb.vc_custom_1680714579665{margin-bottom: 15px !important;}\u00a0\u00bb][vc_column_text css=\u00a0\u00bb.vc_custom_1754580441676{margin-bottom: 5px !important;padding-top: 0px !important;padding-bottom: 30px !important;}\u00a0\u00bb][\/vc_column_text][vc_btn title=\u00a0\u00bbContacter\u00a0\u00bb style=\u00a0\u00bbcustom\u00a0\u00bb custom_background=\u00a0\u00bb#9a3c4b\u00a0\u00bb custom_text=\u00a0\u00bb#ffffff\u00a0\u00bb size=\u00a0\u00bblg\u00a0\u00bb i_icon_fontawesome=\u00a0\u00bbfas fa-arrow-right\u00a0\u00bb add_icon=\u00a0\u00bbtrue\u00a0\u00bb link=\u00a0\u00bburl:https%3A%2F%2Fjarchaespanol.com%2Ffr%2Fcontacte%2F|title:Contacter|\u00a0\u00bb][\/vc_column][\/vc_row][vc_row][vc_column][vc_empty_space][\/vc_column][\/vc_row][vc_row][vc_column][vc_column_text css=\u00a0\u00bb.vc_custom_1729695930098{margin-bottom: 15px !important;padding-bottom: 15px !important;}\u00a0\u00bb]<\/p>\n<h3 style=\"text-align: center;\"><span class=\"OYPEnA text-decoration-none text-strikethrough-none\">Remplissez ce <a href=\"https:\/\/jarchaespanol.com\/fr\/formulaire-dinscription-pour-les-entites\/\"><strong>formulaire<\/strong><\/a> et nous \u00e9laborerons, en fonction des besoins sp\u00e9cifiques de votre groupe, la<\/span> <strong><span class=\"OYPEnA text-decoration-none text-strikethrough-none\" style=\"color: #9a3c4b;\"><span class=\"OYPEnA text-decoration-none text-strikethrough-none\">programmation<\/span> <\/span><\/strong><span class=\"OYPEnA text-decoration-none text-strikethrough-none\">et le <\/span><strong><span class=\"OYPEnA text-decoration-none text-strikethrough-none\" style=\"color: #9a3c4b;\">bugdet <\/span><\/strong><span class=\"OYPEnA text-decoration-none text-strikethrough-none\">de votre <\/span><strong><span style=\"color: #6e874a;\"><span class=\"OYPEnA text-decoration-none text-strikethrough-none\">cours d\u2019immersion linguistique en espagnol<\/span><\/span><\/strong><\/h3>\n<p>[\/vc_column_text][\/vc_column][\/vc_row][vc_row][vc_column][vc_single_image image=\u00a0\u00bb11582&Prime; img_size=\u00a0\u00bbfull\u00a0\u00bb][\/vc_column][\/vc_row][vc_row][vc_column][\/vc_column][\/vc_row]<\/p>\n","protected":false},"excerpt":{"rendered":"<p>[vc_row u_row_style=\u00a0\u00bb0&Prime; u_row_paralax=\u00a0\u00bb0&Prime; u_row_scheme=\u00a0\u00bb0&Prime; css=\u00a0\u00bb.vc_custom_1717663770798{margin-top: 0px !important;margin-right: 0px !important;margin-bottom: 0px !important;margin-left: 0px !important;border-top-width: 0px !important;border-right-width: 0px !important;border-bottom-width: 0px !important;border-left-width: 0px !important;padding-top: 0px !important;padding-right: 0px !important;padding-bottom: 0px !important;padding-left: 0px !important;background-color: #9a3c4b !important;background-position: center !important;background-repeat: no-repeat !important;background-size: cover !important;}\u00a0\u00bb][vc_column css=\u00a0\u00bb.vc_custom_1717663749342{margin-top: 0px !important;margin-right: 0px !important;margin-bottom: 0px !important;margin-left: 0px !important;border-top-width: 0px !important;border-right-width: 0px !important;border-bottom-width: 0px !important;border-left-width: 0px !important;padding-top: 0px [&hellip;]<\/p>\n","protected":false},"author":1,"featured_media":0,"parent":0,"menu_order":0,"comment_status":"closed","ping_status":"closed","template":"","meta":{"inline_featured_image":false,"_joinchat":[],"footnotes":""},"class_list":["post-5548","page","type-page","status-publish","hentry"],"yoast_head":"<!-- This site is optimized with the Yoast SEO plugin v26.8 - https:\/\/yoast.com\/product\/yoast-seo-wordpress\/ -->\n<title>VigoLingua | Espagnol en immersion linguistique | Jarcha Espa\u00f1ol<\/title>\n<meta name=\"description\" content=\"Apprentissage intensif de l\u2019espagnol dans la ville de Vigo (Espagne), pour les \u00e9tudiants universitaires, les professionnels et les voyageurs.\" \/>\n<meta name=\"robots\" content=\"index, follow, max-snippet:-1, max-image-preview:large, max-video-preview:-1\" \/>\n<link rel=\"canonical\" href=\"https:\/\/jarchaespanol.com\/fr\/espagnol-en-immersion-linguistique\/\" \/>\n<meta property=\"og:locale\" content=\"fr_FR\" \/>\n<meta property=\"og:type\" content=\"article\" \/>\n<meta property=\"og:title\" content=\"VigoLingua | Espagnol en immersion linguistique | Jarcha Espa\u00f1ol\" \/>\n<meta property=\"og:description\" content=\"Apprentissage intensif de l\u2019espagnol dans la ville de Vigo (Espagne), pour les \u00e9tudiants universitaires, les professionnels et les voyageurs.\" \/>\n<meta property=\"og:url\" content=\"https:\/\/jarchaespanol.com\/cursos-de-inmersion-linguistica\/\" \/>\n<meta property=\"og:site_name\" content=\"Jarcha Espa\u00f1ol\" \/>\n<meta property=\"article:modified_time\" content=\"2025-08-07T22:01:10+00:00\" \/>\n<meta name=\"twitter:card\" content=\"summary_large_image\" \/>\n<script type=\"application\/ld+json\" class=\"yoast-schema-graph\">{\"@context\":\"https:\/\/schema.org\",\"@graph\":[{\"@type\":\"WebPage\",\"@id\":\"https:\/\/jarchaespanol.com\/cursos-de-inmersion-linguistica\/\",\"url\":\"https:\/\/jarchaespanol.com\/cursos-de-inmersion-linguistica\/\",\"name\":\"VigoLingua | Espagnol en immersion linguistique | Jarcha Espa\u00f1ol\",\"isPartOf\":{\"@id\":\"https:\/\/jarchaespanol.com\/#website\"},\"datePublished\":\"2022-07-12T02:08:12+00:00\",\"dateModified\":\"2025-08-07T22:01:10+00:00\",\"description\":\"Apprentissage intensif de l\u2019espagnol dans la ville de Vigo (Espagne), pour les \u00e9tudiants universitaires, les professionnels et les voyageurs.\",\"breadcrumb\":{\"@id\":\"https:\/\/jarchaespanol.com\/cursos-de-inmersion-linguistica\/#breadcrumb\"},\"inLanguage\":\"fr-FR\",\"potentialAction\":[{\"@type\":\"ReadAction\",\"target\":[\"https:\/\/jarchaespanol.com\/cursos-de-inmersion-linguistica\/\"]}]},{\"@type\":\"BreadcrumbList\",\"@id\":\"https:\/\/jarchaespanol.com\/cursos-de-inmersion-linguistica\/#breadcrumb\",\"itemListElement\":[{\"@type\":\"ListItem\",\"position\":1,\"name\":\"Home\",\"item\":\"https:\/\/jarchaespanol.com\/\"},{\"@type\":\"ListItem\",\"position\":2,\"name\":\"Espagnol en immersion linguistique: VigoLingua\"}]},{\"@type\":\"WebSite\",\"@id\":\"https:\/\/jarchaespanol.com\/#website\",\"url\":\"https:\/\/jarchaespanol.com\/\",\"name\":\"Jarcha Espa\u00f1ol\",\"description\":\"Plataforma en l\u00ednea especializada en la comunicaci\u00f3n y en la formaci\u00f3n en espa\u00f1ol. Aprende espa\u00f1ol online.\",\"publisher\":{\"@id\":\"https:\/\/jarchaespanol.com\/#organization\"},\"potentialAction\":[{\"@type\":\"SearchAction\",\"target\":{\"@type\":\"EntryPoint\",\"urlTemplate\":\"https:\/\/jarchaespanol.com\/?s={search_term_string}\"},\"query-input\":{\"@type\":\"PropertyValueSpecification\",\"valueRequired\":true,\"valueName\":\"search_term_string\"}}],\"inLanguage\":\"fr-FR\"},{\"@type\":\"Organization\",\"@id\":\"https:\/\/jarchaespanol.com\/#organization\",\"name\":\"Jarcha Espa\u00f1ol\",\"url\":\"https:\/\/jarchaespanol.com\/\",\"logo\":{\"@type\":\"ImageObject\",\"inLanguage\":\"fr-FR\",\"@id\":\"https:\/\/jarchaespanol.com\/#\/schema\/logo\/image\/\",\"url\":\"https:\/\/jarchaespanol.com\/wp-content\/uploads\/2022\/03\/logo-factura-2.png\",\"contentUrl\":\"https:\/\/jarchaespanol.com\/wp-content\/uploads\/2022\/03\/logo-factura-2.png\",\"width\":474,\"height\":177,\"caption\":\"Jarcha Espa\u00f1ol\"},\"image\":{\"@id\":\"https:\/\/jarchaespanol.com\/#\/schema\/logo\/image\/\"}}]}<\/script>\n<!-- \/ Yoast SEO plugin. -->","yoast_head_json":{"title":"VigoLingua | Espagnol en immersion linguistique | Jarcha Espa\u00f1ol","description":"Apprentissage intensif de l\u2019espagnol dans la ville de Vigo (Espagne), pour les \u00e9tudiants universitaires, les professionnels et les voyageurs.","robots":{"index":"index","follow":"follow","max-snippet":"max-snippet:-1","max-image-preview":"max-image-preview:large","max-video-preview":"max-video-preview:-1"},"canonical":"https:\/\/jarchaespanol.com\/fr\/espagnol-en-immersion-linguistique\/","og_locale":"fr_FR","og_type":"article","og_title":"VigoLingua | Espagnol en immersion linguistique | Jarcha Espa\u00f1ol","og_description":"Apprentissage intensif de l\u2019espagnol dans la ville de Vigo (Espagne), pour les \u00e9tudiants universitaires, les professionnels et les voyageurs.","og_url":"https:\/\/jarchaespanol.com\/cursos-de-inmersion-linguistica\/","og_site_name":"Jarcha Espa\u00f1ol","article_modified_time":"2025-08-07T22:01:10+00:00","twitter_card":"summary_large_image","schema":{"@context":"https:\/\/schema.org","@graph":[{"@type":"WebPage","@id":"https:\/\/jarchaespanol.com\/cursos-de-inmersion-linguistica\/","url":"https:\/\/jarchaespanol.com\/cursos-de-inmersion-linguistica\/","name":"VigoLingua | Espagnol en immersion linguistique | Jarcha Espa\u00f1ol","isPartOf":{"@id":"https:\/\/jarchaespanol.com\/#website"},"datePublished":"2022-07-12T02:08:12+00:00","dateModified":"2025-08-07T22:01:10+00:00","description":"Apprentissage intensif de l\u2019espagnol dans la ville de Vigo (Espagne), pour les \u00e9tudiants universitaires, les professionnels et les voyageurs.","breadcrumb":{"@id":"https:\/\/jarchaespanol.com\/cursos-de-inmersion-linguistica\/#breadcrumb"},"inLanguage":"fr-FR","potentialAction":[{"@type":"ReadAction","target":["https:\/\/jarchaespanol.com\/cursos-de-inmersion-linguistica\/"]}]},{"@type":"BreadcrumbList","@id":"https:\/\/jarchaespanol.com\/cursos-de-inmersion-linguistica\/#breadcrumb","itemListElement":[{"@type":"ListItem","position":1,"name":"Home","item":"https:\/\/jarchaespanol.com\/"},{"@type":"ListItem","position":2,"name":"Espagnol en immersion linguistique: VigoLingua"}]},{"@type":"WebSite","@id":"https:\/\/jarchaespanol.com\/#website","url":"https:\/\/jarchaespanol.com\/","name":"Jarcha Espa\u00f1ol","description":"Plataforma en l\u00ednea especializada en la comunicaci\u00f3n y en la formaci\u00f3n en espa\u00f1ol. Aprende espa\u00f1ol online.","publisher":{"@id":"https:\/\/jarchaespanol.com\/#organization"},"potentialAction":[{"@type":"SearchAction","target":{"@type":"EntryPoint","urlTemplate":"https:\/\/jarchaespanol.com\/?s={search_term_string}"},"query-input":{"@type":"PropertyValueSpecification","valueRequired":true,"valueName":"search_term_string"}}],"inLanguage":"fr-FR"},{"@type":"Organization","@id":"https:\/\/jarchaespanol.com\/#organization","name":"Jarcha Espa\u00f1ol","url":"https:\/\/jarchaespanol.com\/","logo":{"@type":"ImageObject","inLanguage":"fr-FR","@id":"https:\/\/jarchaespanol.com\/#\/schema\/logo\/image\/","url":"https:\/\/jarchaespanol.com\/wp-content\/uploads\/2022\/03\/logo-factura-2.png","contentUrl":"https:\/\/jarchaespanol.com\/wp-content\/uploads\/2022\/03\/logo-factura-2.png","width":474,"height":177,"caption":"Jarcha Espa\u00f1ol"},"image":{"@id":"https:\/\/jarchaespanol.com\/#\/schema\/logo\/image\/"}}]}},"_links":{"self":[{"href":"https:\/\/jarchaespanol.com\/fr\/wp-json\/wp\/v2\/pages\/5548","targetHints":{"allow":["GET"]}}],"collection":[{"href":"https:\/\/jarchaespanol.com\/fr\/wp-json\/wp\/v2\/pages"}],"about":[{"href":"https:\/\/jarchaespanol.com\/fr\/wp-json\/wp\/v2\/types\/page"}],"author":[{"embeddable":true,"href":"https:\/\/jarchaespanol.com\/fr\/wp-json\/wp\/v2\/users\/1"}],"replies":[{"embeddable":true,"href":"https:\/\/jarchaespanol.com\/fr\/wp-json\/wp\/v2\/comments?post=5548"}],"version-history":[{"count":9,"href":"https:\/\/jarchaespanol.com\/fr\/wp-json\/wp\/v2\/pages\/5548\/revisions"}],"predecessor-version":[{"id":18500,"href":"https:\/\/jarchaespanol.com\/fr\/wp-json\/wp\/v2\/pages\/5548\/revisions\/18500"}],"wp:attachment":[{"href":"https:\/\/jarchaespanol.com\/fr\/wp-json\/wp\/v2\/media?parent=5548"}],"curies":[{"name":"wp","href":"https:\/\/api.w.org\/{rel}","templated":true}]}}